{"id":957,"date":"2019-09-27T16:23:37","date_gmt":"2019-09-27T14:23:37","guid":{"rendered":"http:\/\/univoix.fr\/?page_id=957"},"modified":"2019-12-08T12:18:05","modified_gmt":"2019-12-08T11:18:05","slug":"formation-oser-sa-voix","status":"publish","type":"page","link":"http:\/\/univoix.fr\/index.php\/formation-oser-sa-voix\/","title":{"rendered":"Formation &#8220;Oser sa Voix&#8221;"},"content":{"rendered":"<p><\/p>\n\n\n<div class=\"wp-block-media-text alignwide has-media-on-the-right\" style=\"background-color:#f5f4f3\"><figure class=\"wp-block-media-text__media\"><img loading=\"lazy\" decoding=\"async\" width=\"458\" height=\"1024\" src=\"http:\/\/univoix.fr\/wp-content\/uploads\/2019\/12\/Capture-d\u2019\u00e9cran-2019-12-08-\u00e0-12.14.19-458x1024.jpg\" alt=\"Tarifs psycorpophonie relationnelle \" class=\"wp-image-1224\" srcset=\"http:\/\/univoix.fr\/wp-content\/uploads\/2019\/12\/Capture-d\u2019\u00e9cran-2019-12-08-\u00e0-12.14.19-458x1024.jpg 458w, http:\/\/univoix.fr\/wp-content\/uploads\/2019\/12\/Capture-d\u2019\u00e9cran-2019-12-08-\u00e0-12.14.19-134x300.jpg 134w, http:\/\/univoix.fr\/wp-content\/uploads\/2019\/12\/Capture-d\u2019\u00e9cran-2019-12-08-\u00e0-12.14.19.jpg 593w\" sizes=\"auto, (max-width: 458px) 100vw, 458px\" \/><\/figure><div class=\"wp-block-media-text__content\">\n<p style=\"text-align:center\" class=\"has-text-color has-large-font-size has-vivid-red-color\">Cursus Formation <br><strong>&#8220;Oser sa Voix&#8221;<\/strong><\/p>\n\n\n\n<p style=\"color:#474747;font-size:22px\" class=\"has-text-color\"><strong><em>Programme <\/em><\/strong><\/p>\n\n\n\n<p style=\"color:#6f3b1b;font-size:22px\" class=\"has-text-color\"><strong>-&gt; Comprendre, sentir et ma\u00eetriser sa m\u00e9canique vocale<\/strong><\/p>\n\n\n\n<p style=\"font-size:17px\"><em>(Les 3 niveaux de la m\u00e9canique vocale, comprendre sa physiologie, exp\u00e9rimenter les techniques d&#8217;ancrage, de posture mentale et corporelle)<\/em><\/p>\n\n\n\n<p style=\"color:#693d18;font-size:22px\" class=\"has-text-color\"><strong>-&gt; Am\u00e9liorer sa sant\u00e9 vocale, sa force et son \u00e9nergie<\/strong><\/p>\n\n\n\n<p style=\"font-size:17px\"><em>(D\u00e9nouer blocages vocaux, corporels et \u00e9motionnels, acqu\u00e9rir les 3 niveaux de respiration, techniques corporelles de soutien et de projection, gestion mentale et affirmation de Soi)<\/em><\/p>\n\n\n\n<p style=\"color:#70431f;font-size:22px\" class=\"has-text-color\"><strong>-&gt; D\u00e9velopper sa palette expressive<\/strong><\/p>\n\n\n\n<p style=\"font-size:17px\"><em>(Gestion du volume et du relief vocal, gestion de la hauteur et de son expressivit\u00e9, ma\u00eetrise de la rythmique et des techniques de synchronisation, ma\u00eetrise des pratiques A04 et A02 de Psycorpophonie Relationnelle)<\/em><\/p>\n\n\n\n<p> <\/p>\n\n\n\n<p style=\"color:#a33434;font-size:18px\" class=\"has-text-color\"><strong>Tarif pour l&#8217;ensemble de la formation :<\/strong> 187\u20acTTC<br>Comprenant <strong>5 ateliers <\/strong>en pr\u00e9sentiel d&#8217;environ 2h00 (le dernier mercredi, jeudi ou vendredi de chaque mois), de janvier \u00e0 juin. <br><em><strong>Places limit\u00e9es<\/strong> sur chacune des journ\u00e9es \u00e0 <strong>10 participants<\/strong> maximum. <\/em><br>Cl\u00f4ture des inscriptions le 20 d\u00e9cembre<br><strong>Lieu :<\/strong> 30250, Combas <em>(\u00e0 10mn de Sommi\u00e8res)<\/em><\/p>\n<\/div><\/div>\n\n\n\n<hr class=\"wp-block-separator\"\/>\n\n\n\n<p class=\"has-normal-font-size\">Les inscriptions se font via le formulaire de contact. (Les places sont attribu\u00e9es par ordre de contact et la participation est valid\u00e9e apr\u00e8s r\u00e8glement). <\/p>\n\n\n\n<div class=\"wp-block-button aligncenter\"><a class=\"wp-block-button__link has-background has-vivid-red-background-color\" href=\"http:\/\/univoix.fr\/index.php\/contact\/\">S&#8217;inscrire<\/a><\/div>\n","protected":false},"excerpt":{"rendered":"<p>Cursus Formation &#8220;Oser sa Voix&#8221; Programme -&gt; Comprendre, sentir et ma\u00eetriser sa m\u00e9canique vocale (Les 3 niveaux de la m\u00e9canique vocale, comprendre sa physiologie, exp\u00e9rimenter les techniques d&#8217;ancrage, de posture mentale et corporelle) -&gt; Am\u00e9liorer sa sant\u00e9 vocale, sa force et son \u00e9nergie (D\u00e9nouer blocages vocaux, corporels et \u00e9motionnels, acqu\u00e9rir les 3 niveaux de respiration,<\/p>\n<p><a href=\"http:\/\/univoix.fr\/index.php\/formation-oser-sa-voix\/\" class=\"more-link themebutton\">Read More<\/a><\/p>\n","protected":false},"author":1,"featured_media":0,"parent":0,"menu_order":0,"comment_status":"closed","ping_status":"closed","template":"","meta":{"footnotes":""},"class_list":["post-957","page","type-page","status-publish","hentry"],"_links":{"self":[{"href":"http:\/\/univoix.fr\/index.php\/wp-json\/wp\/v2\/pages\/957","targetHints":{"allow":["GET"]}}],"collection":[{"href":"http:\/\/univoix.fr\/index.php\/wp-json\/wp\/v2\/pages"}],"about":[{"href":"http:\/\/univoix.fr\/index.php\/wp-json\/wp\/v2\/types\/page"}],"author":[{"embeddable":true,"href":"http:\/\/univoix.fr\/index.php\/wp-json\/wp\/v2\/users\/1"}],"replies":[{"embeddable":true,"href":"http:\/\/univoix.fr\/index.php\/wp-json\/wp\/v2\/comments?post=957"}],"version-history":[{"count":18,"href":"http:\/\/univoix.fr\/index.php\/wp-json\/wp\/v2\/pages\/957\/revisions"}],"predecessor-version":[{"id":1225,"href":"http:\/\/univoix.fr\/index.php\/wp-json\/wp\/v2\/pages\/957\/revisions\/1225"}],"wp:attachment":[{"href":"http:\/\/univoix.fr\/index.php\/wp-json\/wp\/v2\/media?parent=957"}],"curies":[{"name":"wp","href":"https:\/\/api.w.org\/{rel}","templated":true}]}}